{"id":882,"date":"2021-08-24T15:29:17","date_gmt":"2021-08-24T19:29:17","guid":{"rendered":"https:\/\/demo.wolffebikes.com\/?page_id=882"},"modified":"2023-03-09T15:46:54","modified_gmt":"2023-03-09T20:46:54","slug":"garantie","status":"publish","type":"page","link":"https:\/\/demo.wolffebikes.com\/fr-ca\/garantie\/","title":{"rendered":"Garantie"},"content":{"rendered":"<h1>Garantie limit\u00e9e de deux ans<\/h1>\n<p>Les cadres de v\u00e9lo WOLFF sont garantis \u00e0 vie.<br \/>\nTous les autres composants, incluant les composants \u00e9lectroniques (moteur, batterie), sont garanties pour deux (2) ans, avec un kilom\u00e9trage illimit\u00e9, \u00e0 compter de la date de l\u2019achat et doivent \u00eatre exempts de d\u00e9fauts de mat\u00e9riaux et de fabrication comme expliqu\u00e9 ci-dessous.<br \/>\nCette garantie est limit\u00e9e \u00e0 la r\u00e9paration ou au remplacement d\u2019une pi\u00e8ce d\u00e9fectueuse et constitue le seul recours de la garantie.<br \/>\nCette garantie s\u2019applique uniquement au propri\u00e9taire d\u2019origine ( le \u201c\u00a0Propri\u00e9taire\u00a0\u201d ) et n\u2019est pas transf\u00e9rable.<br \/>\nCette garantie ne couvre que les v\u00e9los et les composants de v\u00e9los achet\u00e9s par l\u2019interm\u00e9diaire d\u2019un d\u00e9taillant WOLFF agr\u00e9\u00e9 et n\u2019est valable que dans le pays dans le lequel le v\u00e9lo a \u00e9t\u00e9 achet\u00e9 \u00e0 l\u2019origine.<\/p>\n<h3>Support de garantie WOLFF<\/h3>\n<p>WOLFF r\u00e9parera ou remplacera toutes les pi\u00e8ces qui manifestent un d\u00e9faut de mat\u00e9riaux ou de fabrication durant la p\u00e9riode garantie.<\/p>\n<p>Toute pi\u00e8ce remplac\u00e9e en vertu de cette garantie sera remplac\u00e9e par des pi\u00e8ces de conception identiques ou similaires. Toutefois, WOLFF se r\u00e9serve le droit de remplacer les pi\u00e8ces d\u00e9fectueuses avec d\u2019autres pi\u00e8ces de conception diff\u00e9rente fabriqu\u00e9e par WOLFF \u00e0 condition que ce remplacement ne r\u00e9duise pas la fonction et l\u2019op\u00e9ration de conception d\u2019origine.<\/p>\n<h3>Responsabilit\u00e9 du propri\u00e9taire<\/h3>\n<p>La garantie ne couvre pas l\u2019usure normale, le mauvais assemblage ou entretien de suivi, l\u2019installation de pi\u00e8ces ou d\u2019accessoires non pr\u00e9vus \u00e0 l\u2019origine ou compatibles avec le v\u00e9lo tel que vendu.<\/p>\n<p>Cette garantie est nulle si le v\u00e9hicule \u00e9lectrique est endommag\u00e9 ou a \u00e9t\u00e9 abus\u00e9 de quelque mani\u00e8re que ce soit.<\/p>\n<p>La garantie ne couvre pas les dommages ou d\u00e9faillances caus\u00e9s par un accident, une mauvaise utilisation, modification ou n\u00e9gligence de la fourche, du cadre ou des composantes.<\/p>\n<p>Le propri\u00e9taire doit faire preuve d\u2019un soin et d\u2019une utilisation raisonnables, faire un entretien pr\u00e9ventif, et entreposer et lubrifier selon le guide d\u2019utilisation, le climat et d\u2019autres facteurs pertinents. Si un d\u00e9faut du produit devait survenir, le transport du v\u00e9lo ou des pi\u00e8ces vers et depuis un d\u00e9taillant agr\u00e9\u00e9 WOLFF pour la r\u00e9paration sous garantie (au cours de la p\u00e9riode de la garantie applicable) est la responsabilit\u00e9 du propri\u00e9taire.<\/p>\n<p>Ni la garantie mat\u00e9rielle ou la garantie de fabrication ne couvrent les dommages ou les d\u00e9fauts\u00a0si\u00a0: un v\u00e9lo a \u00e9t\u00e9 utilis\u00e9, mont\u00e9, manipul\u00e9, entretenu, ou surcharg\u00e9 contrairement aux sp\u00e9cifications du produit\u00a0; un v\u00e9lo a \u00e9t\u00e9 remont\u00e9, r\u00e9par\u00e9 ou modifi\u00e9 par du personnel non autoris\u00e9 par WOLFF\u00a0; une composante a \u00e9t\u00e9 mal utilis\u00e9e, a subi des dommages physiques pour une cause autre que l\u2019utilisation pr\u00e9vue, a \u00e9t\u00e9 soumisse \u00e0 un incendie, une inondation, un bris accidentel, des actions inappropri\u00e9es de tiers personnes ou de tout \u00e9v\u00e9nement hors du contr\u00f4le de WOLFF\u00a0;\u00a0 le num\u00e9ro du cadre ou l\u2019\u00e9tiquette de service du v\u00e9lo a \u00e9t\u00e9 effac\u00e9, abim\u00e9, modifi\u00e9, manipul\u00e9 ou n\u2019est pas clairement identifiable.<\/p>\n<p>Cette garantie est la seule garantie offerte par WOLFF et aucun employ\u00e9, agent ou d\u00e9taillant de WOLFF n\u2019est autoris\u00e9 \u00e0 faire une autre garantie au nom de WOLFF.<\/p>\n<h3>Faire une r\u00e9clamation de garantie<\/h3>\n<p>Le propri\u00e9taire doit, \u00e0 ses propres frais, livrer, poster ou exp\u00e9dier \u00e0 son lieu d\u2019achat la pi\u00e8ce endommag\u00e9e, incluant une photo de la pi\u00e8ce d\u00e9fectueuse, une description du d\u00e9faut, l\u2019acte de vente original et cette d\u00e9claration de garantie limit\u00e9e comme preuve de la couverture de la garantie.<\/p>\n<p>Le propri\u00e9taire doit transporter le v\u00e9lo ou toutes pi\u00e8ces vers et depuis les d\u00e9taillants agr\u00e9\u00e9s WOLFF pour r\u00e9paration des pi\u00e8ces sous garantie, \u00e0 ses propres frais.<\/p>\n<h3>Clause de non responsabilit\u00e9 des garanties implicites<\/h3>\n<p>Cette garantie limit\u00e9e remplace toutes les autres garanties exprim\u00e9es et implicites, y compris toute garantie d\u2019ADAPTATION \u00c0 UN BUT OU \u00c0 UN USAGE PARTICULIER s\u2019appliquant autrement \u00e0 ce produit. WOLFF ne peut \u00eatre tenu responsable de tout dommage fortuit ou indirect sp\u00e9cial, y compris la perte de profits. Il n\u2019y a aucune garantie prolong\u00e9e autre que celle fourni en ceci. Cette garantie prolong\u00e9e peut \u00eatre modifi\u00e9e uniquement par WOLFF.<\/p>\n<p>Si une partie de cette garantie n\u2019est pas conforme \u00e0 la l\u00e9gislation locale, elle sera alors consid\u00e9r\u00e9e comme s\u00e9parable du reste de cette garantie, qui reste ex\u00e9cutoire et sera interpr\u00e9t\u00e9e au sens le plus proche de ce qui est \u00e9crit ci-dessus ou le minimum requis par ces lois locales.<\/p>\n","protected":false},"excerpt":{"rendered":"<p>Garantie limit\u00e9e de deux ans<br \/>\nLes cadres de v\u00e9lo WOLFF sont garantis \u00e0 vie.<br \/>\nTous les autres&#8230;<\/p>\n","protected":false},"author":2,"featured_media":0,"parent":0,"menu_order":0,"comment_status":"closed","ping_status":"closed","template":"","meta":{"footnotes":""},"yoast_head":"<!-- This site is optimized with the Yoast SEO plugin v21.3 - https:\/\/yoast.com\/wordpress\/plugins\/seo\/ -->\n<title>Garantie - Wolff E-Bikes<\/title>\n<meta name=\"robots\" content=\"noindex, follow, max-snippet:-1, max-image-preview:large, max-video-preview:-1\" \/>\n<script type=\"application\/ld+json\" class=\"yoast-schema-graph\">{\"@context\":\"https:\/\/schema.org\",\"@graph\":[{\"@type\":\"WebPage\",\"@id\":\"https:\/\/demo.wolffebikes.com\/fr-ca\/garantie\/\",\"url\":\"https:\/\/demo.wolffebikes.com\/fr-ca\/garantie\/\",\"name\":\"Garantie - Wolff E-Bikes\",\"isPartOf\":{\"@id\":\"https:\/\/demo.wolffebikes.com\/#website\"},\"datePublished\":\"2021-08-24T19:29:17+00:00\",\"dateModified\":\"2023-03-09T20:46:54+00:00\",\"inLanguage\":\"fr-CA\",\"potentialAction\":[{\"@type\":\"ReadAction\",\"target\":[\"https:\/\/demo.wolffebikes.com\/fr-ca\/garantie\/\"]}]},{\"@type\":\"WebSite\",\"@id\":\"https:\/\/demo.wolffebikes.com\/#website\",\"url\":\"https:\/\/demo.wolffebikes.com\/\",\"name\":\"Wolff E-Bikes\",\"description\":\"An e-bike for every type of rider.\",\"publisher\":{\"@id\":\"https:\/\/demo.wolffebikes.com\/#organization\"},\"potentialAction\":[{\"@type\":\"SearchAction\",\"target\":{\"@type\":\"EntryPoint\",\"urlTemplate\":\"https:\/\/demo.wolffebikes.com\/?s={search_term_string}\"},\"query-input\":\"required name=search_term_string\"}],\"inLanguage\":\"fr-CA\"},{\"@type\":\"Organization\",\"@id\":\"https:\/\/demo.wolffebikes.com\/#organization\",\"name\":\"Wolff E-Bikes\",\"url\":\"https:\/\/demo.wolffebikes.com\/\",\"logo\":{\"@type\":\"ImageObject\",\"inLanguage\":\"fr-CA\",\"@id\":\"https:\/\/demo.wolffebikes.com\/#\/schema\/logo\/image\/\",\"url\":\"https:\/\/demo.wolffebikes.com\/wp-content\/uploads\/2021\/08\/Wolff-logo.svg\",\"contentUrl\":\"https:\/\/demo.wolffebikes.com\/wp-content\/uploads\/2021\/08\/Wolff-logo.svg\",\"caption\":\"Wolff E-Bikes\"},\"image\":{\"@id\":\"https:\/\/demo.wolffebikes.com\/#\/schema\/logo\/image\/\"},\"sameAs\":[\"https:\/\/www.facebook.com\/wolffebikes\",\"https:\/\/www.instagram.com\/wolffebikes\/\",\"https:\/\/www.linkedin.com\/company\/wolff-pedelec-inc\"]}]}<\/script>\n<!-- \/ Yoast SEO plugin. -->","yoast_head_json":{"title":"Garantie - Wolff E-Bikes","robots":{"index":"noindex","follow":"follow","max-snippet":"max-snippet:-1","max-image-preview":"max-image-preview:large","max-video-preview":"max-video-preview:-1"},"schema":{"@context":"https:\/\/schema.org","@graph":[{"@type":"WebPage","@id":"https:\/\/demo.wolffebikes.com\/fr-ca\/garantie\/","url":"https:\/\/demo.wolffebikes.com\/fr-ca\/garantie\/","name":"Garantie - Wolff E-Bikes","isPartOf":{"@id":"https:\/\/demo.wolffebikes.com\/#website"},"datePublished":"2021-08-24T19:29:17+00:00","dateModified":"2023-03-09T20:46:54+00:00","inLanguage":"fr-CA","potentialAction":[{"@type":"ReadAction","target":["https:\/\/demo.wolffebikes.com\/fr-ca\/garantie\/"]}]},{"@type":"WebSite","@id":"https:\/\/demo.wolffebikes.com\/#website","url":"https:\/\/demo.wolffebikes.com\/","name":"Wolff E-Bikes","description":"An e-bike for every type of rider.","publisher":{"@id":"https:\/\/demo.wolffebikes.com\/#organization"},"potentialAction":[{"@type":"SearchAction","target":{"@type":"EntryPoint","urlTemplate":"https:\/\/demo.wolffebikes.com\/?s={search_term_string}"},"query-input":"required name=search_term_string"}],"inLanguage":"fr-CA"},{"@type":"Organization","@id":"https:\/\/demo.wolffebikes.com\/#organization","name":"Wolff E-Bikes","url":"https:\/\/demo.wolffebikes.com\/","logo":{"@type":"ImageObject","inLanguage":"fr-CA","@id":"https:\/\/demo.wolffebikes.com\/#\/schema\/logo\/image\/","url":"https:\/\/demo.wolffebikes.com\/wp-content\/uploads\/2021\/08\/Wolff-logo.svg","contentUrl":"https:\/\/demo.wolffebikes.com\/wp-content\/uploads\/2021\/08\/Wolff-logo.svg","caption":"Wolff E-Bikes"},"image":{"@id":"https:\/\/demo.wolffebikes.com\/#\/schema\/logo\/image\/"},"sameAs":["https:\/\/www.facebook.com\/wolffebikes","https:\/\/www.instagram.com\/wolffebikes\/","https:\/\/www.linkedin.com\/company\/wolff-pedelec-inc"]}]}},"jetpack_sharing_enabled":true,"_links":{"self":[{"href":"https:\/\/demo.wolffebikes.com\/fr-ca\/wp-json\/wp\/v2\/pages\/882"}],"collection":[{"href":"https:\/\/demo.wolffebikes.com\/fr-ca\/wp-json\/wp\/v2\/pages"}],"about":[{"href":"https:\/\/demo.wolffebikes.com\/fr-ca\/wp-json\/wp\/v2\/types\/page"}],"author":[{"embeddable":true,"href":"https:\/\/demo.wolffebikes.com\/fr-ca\/wp-json\/wp\/v2\/users\/2"}],"replies":[{"embeddable":true,"href":"https:\/\/demo.wolffebikes.com\/fr-ca\/wp-json\/wp\/v2\/comments?post=882"}],"version-history":[{"count":0,"href":"https:\/\/demo.wolffebikes.com\/fr-ca\/wp-json\/wp\/v2\/pages\/882\/revisions"}],"wp:attachment":[{"href":"https:\/\/demo.wolffebikes.com\/fr-ca\/wp-json\/wp\/v2\/media?parent=882"}],"curies":[{"name":"wp","href":"https:\/\/api.w.org\/{rel}","templated":true}]}}